{"id":18301,"date":"2024-04-09T10:43:35","date_gmt":"2024-04-09T08:43:35","guid":{"rendered":"https:\/\/lfipalma.es\/?page_id=18301"},"modified":"2026-01-22T17:02:57","modified_gmt":"2026-01-22T15:02:57","slug":"equipo-1ere-spe","status":"publish","type":"page","link":"https:\/\/lfipalma.es\/fr\/equipo-1ere-spe\/","title":{"rendered":"EQUIPO : 1\u00c8RE SP\u00c9"},"content":{"rendered":"\t\t<div data-elementor-type=\"wp-page\" data-elementor-id=\"18301\" class=\"elementor elementor-18301\" data-elementor-post-type=\"page\">\n\t\t\t\t\t\t<section class=\"elementor-section elementor-top-section elementor-element elementor-element-8815699 elementor-section-boxed elementor-section-height-default elementor-section-height-default\" data-id=\"8815699\" data-element_type=\"section\">\n\t\t\t\t\t\t<div class=\"elementor-container elementor-column-gap-default\">\n\t\t\t\t\t<div class=\"elementor-column elementor-col-25 elementor-top-column elementor-element elementor-element-a18fcb6\" data-id=\"a18fcb6\" data-element_type=\"column\">\n\t\t\t<div class=\"elementor-widget-wrap elementor-element-populated\">\n\t\t\t\t\t\t<div class=\"elementor-element elementor-element-a529d57 elementor-widget elementor-widget-image\" data-id=\"a529d57\" data-element_type=\"widget\" data-widget_type=\"image.default\">\n\t\t\t\t<div class=\"elementor-widget-container\">\n\t\t\t<style>\/*! elementor - v3.20.0 - 10-04-2024 *\/\n.elementor-widget-image{text-align:center}.elementor-widget-image a{display:inline-block}.elementor-widget-image a img[src$=\".svg\"]{width:48px}.elementor-widget-image img{vertical-align:middle;display:inline-block}<\/style>\t\t\t\t\t\t\t\t\t\t<img fetchpriority=\"high\" decoding=\"async\" width=\"768\" height=\"1024\" src=\"https:\/\/lfipalma.es\/wp-content\/uploads\/2026\/01\/Elvira-2-768x1024.jpg\" class=\"attachment-large size-large wp-image-21803\" alt=\"\" srcset=\"https:\/\/lfipalma.es\/wp-content\/uploads\/2026\/01\/Elvira-2-768x1024.jpg 768w, https:\/\/lfipalma.es\/wp-content\/uploads\/2026\/01\/Elvira-2-225x300.jpg 225w, https:\/\/lfipalma.es\/wp-content\/uploads\/2026\/01\/Elvira-2.jpg 900w\" sizes=\"(max-width: 768px) 100vw, 768px\" \/>\t\t\t\t\t\t\t\t\t\t\t\t\t<\/div>\n\t\t\t\t<\/div>\n\t\t\t\t<div class=\"elementor-element elementor-element-a3e75db elementor-widget elementor-widget-text-editor\" data-id=\"a3e75db\" data-element_type=\"widget\" data-widget_type=\"text-editor.default\">\n\t\t\t\t<div class=\"elementor-widget-container\">\n\t\t\t<style>\/*! elementor - v3.20.0 - 10-04-2024 *\/\n.elementor-widget-text-editor.elementor-drop-cap-view-stacked .elementor-drop-cap{background-color:#69727d;color:#fff}.elementor-widget-text-editor.elementor-drop-cap-view-framed .elementor-drop-cap{color:#69727d;border:3px solid;background-color:transparent}.elementor-widget-text-editor:not(.elementor-drop-cap-view-default) .elementor-drop-cap{margin-top:8px}.elementor-widget-text-editor:not(.elementor-drop-cap-view-default) .elementor-drop-cap-letter{width:1em;height:1em}.elementor-widget-text-editor .elementor-drop-cap{float:left;text-align:center;line-height:1;font-size:50px}.elementor-widget-text-editor .elementor-drop-cap-letter{display:inline-block}<\/style>\t\t\t\t<p><strong style=\"color: #242424; font-family: 'Segoe UI', 'Segoe UI Web (West European)', -apple-system, BlinkMacSystemFont, Roboto, 'Helvetica Neue', sans-serif; font-size: 15px; font-style: normal;\" data-olk-copy-source=\"MessageBody\">Elvira Dattola, la dinamita del debate<\/strong><br style=\"color: #242424; font-family: 'Segoe UI', 'Segoe UI Web (West European)', -apple-system, BlinkMacSystemFont, Roboto, 'Helvetica Neue', sans-serif; font-size: 15px;\" \/><span style=\"color: #242424; font-family: 'Segoe UI', 'Segoe UI Web (West European)', -apple-system, BlinkMacSystemFont, Roboto, 'Helvetica Neue', sans-serif; font-size: 15px; font-style: normal; font-weight: 400;\">Dotada de un car\u00e1cter firme y una motivaci\u00f3n incansable, Elvira siente una verdadera pasi\u00f3n por la actualidad y el debate. Siempre dispuesta a participar, le gusta confrontar ideas y dinamizar los intercambios. Una voz comprometida y decidida al servicio de la reflexi\u00f3n colectiva.<\/span><\/p><p><span style=\"color: #242424; font-family: 'Segoe UI', 'Segoe UI Web (West European)', -apple-system, BlinkMacSystemFont, Roboto, 'Helvetica Neue', sans-serif; font-size: 15px; font-style: normal; font-weight: 400;\">______________________<\/span><\/p><div style=\"font-style: normal; font-variant-numeric: inherit; font-variant-east-asian: inherit; font-variant-alternates: inherit; font-variant-position: inherit; font-variant-emoji: inherit; font-weight: 400; font-stretch: inherit; font-size: 15px; line-height: inherit; font-family: 'Segoe UI', 'Segoe UI Web (West European)', -apple-system, BlinkMacSystemFont, Roboto, 'Helvetica Neue', sans-serif; font-optical-sizing: inherit; font-size-adjust: inherit; font-kerning: inherit; font-feature-settings: inherit; font-variation-settings: inherit; font-language-override: inherit; color: #242424;\" data-olk-copy-source=\"MessageBody\">La dynamite du d\u00e9bat\u00a0\u00a0<\/div><div style=\"font-style: normal; font-variant-numeric: inherit; font-variant-east-asian: inherit; font-variant-alternates: inherit; font-variant-position: inherit; font-variant-emoji: inherit; font-weight: 400; font-stretch: inherit; font-size: 15px; line-height: inherit; font-family: 'Segoe UI', 'Segoe UI Web (West European)', -apple-system, BlinkMacSystemFont, Roboto, 'Helvetica Neue', sans-serif; font-optical-sizing: inherit; font-size-adjust: inherit; font-kerning: inherit; font-feature-settings: inherit; font-variation-settings: inherit; font-language-override: inherit; color: #242424;\">Dot\u00e9e d\u2019un caract\u00e8re affirm\u00e9 et d\u2019une motivation sans faille, Elvira est passionn\u00e9e par l\u2019actualit\u00e9 et le d\u00e9bat. Toujours volontaire, elle aime confronter les id\u00e9es et dynamiser les \u00e9changes. Une voix engag\u00e9e et d\u00e9termin\u00e9e au service de la r\u00e9flexion collective.<\/div>\t\t\t\t\t\t<\/div>\n\t\t\t\t<\/div>\n\t\t\t\t\t<\/div>\n\t\t<\/div>\n\t\t\t\t<div class=\"elementor-column elementor-col-25 elementor-top-column elementor-element elementor-element-368e860\" data-id=\"368e860\" data-element_type=\"column\">\n\t\t\t<div class=\"elementor-widget-wrap elementor-element-populated\">\n\t\t\t\t\t\t<div class=\"elementor-element elementor-element-3a053b0 elementor-widget elementor-widget-image\" data-id=\"3a053b0\" data-element_type=\"widget\" data-widget_type=\"image.default\">\n\t\t\t\t<div class=\"elementor-widget-container\">\n\t\t\t\t\t\t\t\t\t\t\t\t\t<img decoding=\"async\" width=\"768\" height=\"1024\" src=\"https:\/\/lfipalma.es\/wp-content\/uploads\/2026\/01\/Louane-1-768x1024.jpeg\" class=\"attachment-large size-large wp-image-21805\" alt=\"\" srcset=\"https:\/\/lfipalma.es\/wp-content\/uploads\/2026\/01\/Louane-1-768x1024.jpeg 768w, https:\/\/lfipalma.es\/wp-content\/uploads\/2026\/01\/Louane-1-225x300.jpeg 225w, https:\/\/lfipalma.es\/wp-content\/uploads\/2026\/01\/Louane-1.jpeg 900w\" sizes=\"(max-width: 768px) 100vw, 768px\" \/>\t\t\t\t\t\t\t\t\t\t\t\t\t<\/div>\n\t\t\t\t<\/div>\n\t\t\t\t<div class=\"elementor-element elementor-element-4c96160 elementor-widget elementor-widget-text-editor\" data-id=\"4c96160\" data-element_type=\"widget\" data-widget_type=\"text-editor.default\">\n\t\t\t\t<div class=\"elementor-widget-container\">\n\t\t\t\t\t\t\t<p><strong style=\"color: #242424; font-family: 'Segoe UI', 'Segoe UI Web (West European)', -apple-system, BlinkMacSystemFont, Roboto, 'Helvetica Neue', sans-serif; font-size: 15px; font-style: normal;\" data-olk-copy-source=\"MessageBody\">Louane Bonin, la voz que capta la antena<\/strong><br style=\"color: #242424; font-family: 'Segoe UI', 'Segoe UI Web (West European)', -apple-system, BlinkMacSystemFont, Roboto, 'Helvetica Neue', sans-serif; font-size: 15px;\" \/><span style=\"color: #242424; font-family: 'Segoe UI', 'Segoe UI Web (West European)', -apple-system, BlinkMacSystemFont, Roboto, 'Helvetica Neue', sans-serif; font-size: 15px; font-style: normal; font-weight: 400;\">Calma y discreta en apariencia, Louane posee una gran profundidad y una notable sensibilidad intelectual. Muy implicada en los temas de HGGSP, destaca especialmente por su voz suave y pausada, ideal para la animaci\u00f3n radiof\u00f3nica.<\/span><\/p><p><span style=\"color: #242424; font-family: 'Segoe UI', 'Segoe UI Web (West European)', -apple-system, BlinkMacSystemFont, Roboto, 'Helvetica Neue', sans-serif; font-size: 15px; font-style: normal; font-weight: 400;\">_______________________<\/span><\/p><p><span style=\"color: #242424; font-family: 'Segoe UI', 'Segoe UI Web (West European)', -apple-system, BlinkMacSystemFont, Roboto, 'Helvetica Neue', sans-serif; font-size: 15px; font-style: normal; font-weight: 400;\">La voix qui capte l\u2019antenne<\/span><\/p><p><span style=\"color: #242424; font-family: 'Segoe UI', 'Segoe UI Web (West European)', -apple-system, BlinkMacSystemFont, Roboto, 'Helvetica Neue', sans-serif; font-size: 15px; font-style: normal; font-weight: 400;\">Calme et discr\u00e8te en apparence, Louane poss\u00e8de une vraie profondeur et une sensibilit\u00e9 intellectuelle remarquable. Tr\u00e8s investie dans les th\u00e9matiques de HGGSP, elle se distingue particuli\u00e8rement par sa voix douce et pos\u00e9e, id\u00e9ale pour l\u2019animation radio.<\/span><\/p>\t\t\t\t\t\t<\/div>\n\t\t\t\t<\/div>\n\t\t\t\t\t<\/div>\n\t\t<\/div>\n\t\t\t\t<div class=\"elementor-column elementor-col-25 elementor-top-column elementor-element elementor-element-b0fd03d\" data-id=\"b0fd03d\" data-element_type=\"column\">\n\t\t\t<div class=\"elementor-widget-wrap elementor-element-populated\">\n\t\t\t\t\t\t<div class=\"elementor-element elementor-element-d69b67f elementor-widget elementor-widget-image\" data-id=\"d69b67f\" data-element_type=\"widget\" data-widget_type=\"image.default\">\n\t\t\t\t<div class=\"elementor-widget-container\">\n\t\t\t\t\t\t\t\t\t\t\t\t\t<img decoding=\"async\" width=\"768\" height=\"1024\" src=\"https:\/\/lfipalma.es\/wp-content\/uploads\/2026\/01\/Ines-4-768x1024.jpg\" class=\"attachment-large size-large wp-image-21807\" alt=\"\" srcset=\"https:\/\/lfipalma.es\/wp-content\/uploads\/2026\/01\/Ines-4-768x1024.jpg 768w, https:\/\/lfipalma.es\/wp-content\/uploads\/2026\/01\/Ines-4-225x300.jpg 225w, https:\/\/lfipalma.es\/wp-content\/uploads\/2026\/01\/Ines-4.jpg 900w\" sizes=\"(max-width: 768px) 100vw, 768px\" \/>\t\t\t\t\t\t\t\t\t\t\t\t\t<\/div>\n\t\t\t\t<\/div>\n\t\t\t\t<div class=\"elementor-element elementor-element-7d0d955 elementor-widget elementor-widget-text-editor\" data-id=\"7d0d955\" data-element_type=\"widget\" data-widget_type=\"text-editor.default\">\n\t\t\t\t<div class=\"elementor-widget-container\">\n\t\t\t\t\t\t\t<p><strong style=\"color: #242424; font-family: 'Segoe UI', 'Segoe UI Web (West European)', -apple-system, BlinkMacSystemFont, Roboto, 'Helvetica Neue', sans-serif; font-size: 15px; font-style: normal;\" data-olk-copy-source=\"MessageBody\">In\u00e9s Navarro Corlay, la chispa comprometida<\/strong><br style=\"color: #242424; font-family: 'Segoe UI', 'Segoe UI Web (West European)', -apple-system, BlinkMacSystemFont, Roboto, 'Helvetica Neue', sans-serif; font-size: 15px;\" \/><span style=\"color: #242424; font-family: 'Segoe UI', 'Segoe UI Web (West European)', -apple-system, BlinkMacSystemFont, Roboto, 'Helvetica Neue', sans-serif; font-size: 15px; font-style: normal; font-weight: 400;\">Comprometida, rigurosa y muy constructiva, In\u00e8s participa activamente en los debates con una energ\u00eda contagiosa. Detr\u00e1s de una aparente dulzura se esconde un car\u00e1cter fuerte y una gran exigencia intelectual, siempre al servicio de la calidad de los intercambios.<\/span><\/p><p><span style=\"color: #242424; font-family: 'Segoe UI', 'Segoe UI Web (West European)', -apple-system, BlinkMacSystemFont, Roboto, 'Helvetica Neue', sans-serif; font-size: 15px; font-style: normal; font-weight: 400;\">_______________________<\/span><\/p><p><span style=\"color: #242424; font-family: 'Segoe UI', 'Segoe UI Web (West European)', -apple-system, BlinkMacSystemFont, Roboto, 'Helvetica Neue', sans-serif; font-size: 15px; font-style: normal; font-weight: 400;\">l\u2019\u00e9tincelle engag\u00e9e<\/span><\/p><p><span style=\"color: #242424; font-family: 'Segoe UI', 'Segoe UI Web (West European)', -apple-system, BlinkMacSystemFont, Roboto, 'Helvetica Neue', sans-serif; font-size: 15px; font-style: normal; font-weight: 400;\">Engag\u00e9e, rigoureuse et tr\u00e8s constructive, In\u00e8s participe activement aux d\u00e9bats avec une \u00e9nergie communicative. Derri\u00e8re une apparente douceur se cache un caract\u00e8re bien tremp\u00e9 et une grande exigence intellectuelle, toujours au service de la qualit\u00e9 des \u00e9changes.<\/span><\/p>\t\t\t\t\t\t<\/div>\n\t\t\t\t<\/div>\n\t\t\t\t\t<\/div>\n\t\t<\/div>\n\t\t\t\t<div class=\"elementor-column elementor-col-25 elementor-top-column elementor-element elementor-element-acf86d3\" data-id=\"acf86d3\" data-element_type=\"column\">\n\t\t\t<div class=\"elementor-widget-wrap elementor-element-populated\">\n\t\t\t\t\t\t<div class=\"elementor-element elementor-element-2cb33fc elementor-widget elementor-widget-image\" data-id=\"2cb33fc\" data-element_type=\"widget\" data-widget_type=\"image.default\">\n\t\t\t\t<div class=\"elementor-widget-container\">\n\t\t\t\t\t\t\t\t\t\t\t\t\t<img loading=\"lazy\" decoding=\"async\" width=\"768\" height=\"1024\" src=\"https:\/\/lfipalma.es\/wp-content\/uploads\/2026\/01\/Elena-768x1024.jpeg\" class=\"attachment-large size-large wp-image-21810\" alt=\"\" srcset=\"https:\/\/lfipalma.es\/wp-content\/uploads\/2026\/01\/Elena-768x1024.jpeg 768w, https:\/\/lfipalma.es\/wp-content\/uploads\/2026\/01\/Elena-225x300.jpeg 225w, https:\/\/lfipalma.es\/wp-content\/uploads\/2026\/01\/Elena.jpeg 900w\" sizes=\"(max-width: 768px) 100vw, 768px\" \/>\t\t\t\t\t\t\t\t\t\t\t\t\t<\/div>\n\t\t\t\t<\/div>\n\t\t\t\t<div class=\"elementor-element elementor-element-5ff554c elementor-widget elementor-widget-text-editor\" data-id=\"5ff554c\" data-element_type=\"widget\" data-widget_type=\"text-editor.default\">\n\t\t\t\t<div class=\"elementor-widget-container\">\n\t\t\t\t\t\t\t<p><strong style=\"color: #242424; font-family: 'Segoe UI', 'Segoe UI Web (West European)', -apple-system, BlinkMacSystemFont, Roboto, 'Helvetica Neue', sans-serif; font-size: 15px; font-style: normal;\" data-olk-copy-source=\"MessageBody\">Elena de C\u00e1ceres Garcia, la historia en primer plano<\/strong><br style=\"color: #242424; font-family: 'Segoe UI', 'Segoe UI Web (West European)', -apple-system, BlinkMacSystemFont, Roboto, 'Helvetica Neue', sans-serif; font-size: 15px;\" \/><span style=\"color: #242424; font-family: 'Segoe UI', 'Segoe UI Web (West European)', -apple-system, BlinkMacSystemFont, Roboto, 'Helvetica Neue', sans-serif; font-size: 15px; font-style: normal; font-weight: 400;\">Apasionada por la historia, Elena se implica con entusiasmo en los debates y en los temas hist\u00f3ricos. Muy solar y siempre sonriente, sabe tambi\u00e9n defender sus ideas con convicci\u00f3n cuando es necesario. Una presencia a la vez cercana y contundente.<\/span><\/p><p><span style=\"color: #242424; font-family: 'Segoe UI', 'Segoe UI Web (West European)', -apple-system, BlinkMacSystemFont, Roboto, 'Helvetica Neue', sans-serif; font-size: 15px; font-style: normal; font-weight: 400;\">_______________________<\/span><span style=\"color: #242424; font-family: 'Segoe UI', 'Segoe UI Web (West European)', -apple-system, BlinkMacSystemFont, Roboto, 'Helvetica Neue', sans-serif; font-size: 15px; font-style: normal; font-weight: 400;\">\u00a0<\/span><\/p><p><span style=\"color: #242424; font-family: 'Segoe UI', 'Segoe UI Web (West European)', -apple-system, BlinkMacSystemFont, Roboto, 'Helvetica Neue', sans-serif; font-size: 15px; font-style: normal; font-weight: 400;\">l\u2019histoire en lumi\u00e8re\u00a0\u00a0<\/span><\/p><div style=\"font-style: normal; font-variant-numeric: inherit; font-variant-east-asian: inherit; font-variant-alternates: inherit; font-variant-position: inherit; font-variant-emoji: inherit; font-weight: 400; font-stretch: inherit; font-size: 15px; line-height: inherit; font-family: 'Segoe UI', 'Segoe UI Web (West European)', -apple-system, BlinkMacSystemFont, Roboto, 'Helvetica Neue', sans-serif; font-optical-sizing: inherit; font-size-adjust: inherit; font-kerning: inherit; font-feature-settings: inherit; font-variation-settings: inherit; font-language-override: inherit; color: #242424;\">Passionn\u00e9e d\u2019histoire, Elena s\u2019investit avec enthousiasme dans les d\u00e9bats et les sujets historiques. Tr\u00e8s solaire et toujours souriante, elle sait aussi d\u00e9fendre ses id\u00e9es avec conviction lorsqu\u2019il le faut. Une pr\u00e9sence \u00e0 la fois chaleureuse et percutante.<\/div>\t\t\t\t\t\t<\/div>\n\t\t\t\t<\/div>\n\t\t\t\t\t<\/div>\n\t\t<\/div>\n\t\t\t\t\t<\/div>\n\t\t<\/section>\n\t\t\t\t<section class=\"elementor-section elementor-top-section elementor-element elementor-element-bcd3150 elementor-section-boxed elementor-section-height-default elementor-section-height-default\" data-id=\"bcd3150\" data-element_type=\"section\">\n\t\t\t\t\t\t<div class=\"elementor-container elementor-column-gap-default\">\n\t\t\t\t\t<div class=\"elementor-column elementor-col-25 elementor-top-column elementor-element elementor-element-7675bbc\" data-id=\"7675bbc\" data-element_type=\"column\">\n\t\t\t<div class=\"elementor-widget-wrap elementor-element-populated\">\n\t\t\t\t\t\t<div class=\"elementor-element elementor-element-d77965e elementor-widget elementor-widget-image\" data-id=\"d77965e\" data-element_type=\"widget\" data-widget_type=\"image.default\">\n\t\t\t\t<div class=\"elementor-widget-container\">\n\t\t\t\t\t\t\t\t\t\t\t\t\t<img loading=\"lazy\" decoding=\"async\" width=\"768\" height=\"1024\" src=\"https:\/\/lfipalma.es\/wp-content\/uploads\/2026\/01\/Ariadna-1-768x1024.jpeg\" class=\"attachment-large size-large wp-image-21812\" alt=\"\" srcset=\"https:\/\/lfipalma.es\/wp-content\/uploads\/2026\/01\/Ariadna-1-768x1024.jpeg 768w, https:\/\/lfipalma.es\/wp-content\/uploads\/2026\/01\/Ariadna-1-225x300.jpeg 225w, https:\/\/lfipalma.es\/wp-content\/uploads\/2026\/01\/Ariadna-1.jpeg 900w\" sizes=\"(max-width: 768px) 100vw, 768px\" \/>\t\t\t\t\t\t\t\t\t\t\t\t\t<\/div>\n\t\t\t\t<\/div>\n\t\t\t\t<div class=\"elementor-element elementor-element-b3c1071 elementor-widget elementor-widget-text-editor\" data-id=\"b3c1071\" data-element_type=\"widget\" data-widget_type=\"text-editor.default\">\n\t\t\t\t<div class=\"elementor-widget-container\">\n\t\t\t\t\t\t\t<p><strong style=\"color: #242424; font-family: 'Segoe UI', 'Segoe UI Web (West European)', -apple-system, BlinkMacSystemFont, Roboto, 'Helvetica Neue', sans-serif; font-size: 15px; font-style: normal;\" data-olk-copy-source=\"MessageBody\">Ariadna Legey Soler, la mirada que descifra<\/strong><br style=\"color: #242424; font-family: 'Segoe UI', 'Segoe UI Web (West European)', -apple-system, BlinkMacSystemFont, Roboto, 'Helvetica Neue', sans-serif; font-size: 15px;\" \/><span style=\"color: #242424; font-family: 'Segoe UI', 'Segoe UI Web (West European)', -apple-system, BlinkMacSystemFont, Roboto, 'Helvetica Neue', sans-serif; font-size: 15px; font-style: normal; font-weight: 400;\">Discreta y serena, Ariadna sabe imponerse con acierto en los debates. Muy interesada por la actualidad y las cuestiones relacionadas con los medios de comunicaci\u00f3n, demuestra una gran pertinencia y un compromiso constante.<\/span><\/p><p><span style=\"color: #242424; font-family: 'Segoe UI', 'Segoe UI Web (West European)', -apple-system, BlinkMacSystemFont, Roboto, 'Helvetica Neue', sans-serif; font-size: 15px; font-style: normal; font-weight: 400;\">_______________________<\/span><\/p><p><span style=\"color: #242424; font-family: 'Segoe UI', 'Segoe UI Web (West European)', -apple-system, BlinkMacSystemFont, Roboto, 'Helvetica Neue', sans-serif; font-size: 15px; font-style: normal; font-weight: 400;\">Le regard qui d\u00e9crypte\u00a0\u00a0<\/span><\/p><div style=\"font-style: normal; font-variant-numeric: inherit; font-variant-east-asian: inherit; font-variant-alternates: inherit; font-variant-position: inherit; font-variant-emoji: inherit; font-weight: 400; font-stretch: inherit; font-size: 15px; line-height: inherit; font-family: 'Segoe UI', 'Segoe UI Web (West European)', -apple-system, BlinkMacSystemFont, Roboto, 'Helvetica Neue', sans-serif; font-optical-sizing: inherit; font-size-adjust: inherit; font-kerning: inherit; font-feature-settings: inherit; font-variation-settings: inherit; font-language-override: inherit; color: #242424;\">Discr\u00e8te et pos\u00e9e, Ariadna sait pourtant s\u2019imposer avec justesse dans les d\u00e9bats. Tr\u00e8s int\u00e9ress\u00e9e par l\u2019actualit\u00e9 et les questions li\u00e9es aux m\u00e9dias, elle fait preuve d\u2019une grande pertinence et d\u2019un engagement constant.<\/div>\t\t\t\t\t\t<\/div>\n\t\t\t\t<\/div>\n\t\t\t\t\t<\/div>\n\t\t<\/div>\n\t\t\t\t<div class=\"elementor-column elementor-col-25 elementor-top-column elementor-element elementor-element-fda2635\" data-id=\"fda2635\" data-element_type=\"column\">\n\t\t\t<div class=\"elementor-widget-wrap elementor-element-populated\">\n\t\t\t\t\t\t<div class=\"elementor-element elementor-element-769ac4a elementor-widget elementor-widget-image\" data-id=\"769ac4a\" data-element_type=\"widget\" data-widget_type=\"image.default\">\n\t\t\t\t<div class=\"elementor-widget-container\">\n\t\t\t\t\t\t\t\t\t\t\t\t\t<img loading=\"lazy\" decoding=\"async\" width=\"768\" height=\"1024\" src=\"https:\/\/lfipalma.es\/wp-content\/uploads\/2026\/01\/Arthur-768x1024.jpg\" class=\"attachment-large size-large wp-image-21814\" alt=\"\" srcset=\"https:\/\/lfipalma.es\/wp-content\/uploads\/2026\/01\/Arthur-768x1024.jpg 768w, https:\/\/lfipalma.es\/wp-content\/uploads\/2026\/01\/Arthur-225x300.jpg 225w, https:\/\/lfipalma.es\/wp-content\/uploads\/2026\/01\/Arthur.jpg 900w\" sizes=\"(max-width: 768px) 100vw, 768px\" \/>\t\t\t\t\t\t\t\t\t\t\t\t\t<\/div>\n\t\t\t\t<\/div>\n\t\t\t\t<div class=\"elementor-element elementor-element-7a38b57 elementor-widget elementor-widget-text-editor\" data-id=\"7a38b57\" data-element_type=\"widget\" data-widget_type=\"text-editor.default\">\n\t\t\t\t<div class=\"elementor-widget-container\">\n\t\t\t\t\t\t\t<p><strong style=\"color: #242424; font-family: 'Segoe UI', 'Segoe UI Web (West European)', -apple-system, BlinkMacSystemFont, Roboto, 'Helvetica Neue', sans-serif; font-size: 15px; font-style: normal;\" data-olk-copy-source=\"MessageBody\">Arthur Rousserie, la memoria cultural<\/strong><br style=\"color: #242424; font-family: 'Segoe UI', 'Segoe UI Web (West European)', -apple-system, BlinkMacSystemFont, Roboto, 'Helvetica Neue', sans-serif; font-size: 15px;\" \/><span style=\"color: #242424; font-family: 'Segoe UI', 'Segoe UI Web (West European)', -apple-system, BlinkMacSystemFont, Roboto, 'Helvetica Neue', sans-serif; font-size: 15px; font-style: normal; font-weight: 400;\">Dotado de una cultura muy s\u00f3lida cuando un tema le apasiona, Arthur aporta una riqueza singular al equipo. Amante del cine, especialmente de Bourvil y Louis de Fun\u00e8s, ofrece una mirada original y precisa, alimentada por una aut\u00e9ntica curiosidad intelectual.<\/span><\/p><p><span style=\"color: #242424; font-family: 'Segoe UI', 'Segoe UI Web (West European)', -apple-system, BlinkMacSystemFont, Roboto, 'Helvetica Neue', sans-serif; font-size: 15px; font-style: normal; font-weight: 400;\">_______________________<\/span><\/p><div style=\"font-style: normal; font-variant-numeric: inherit; font-variant-east-asian: inherit; font-variant-alternates: inherit; font-variant-position: inherit; font-variant-emoji: inherit; font-weight: 400; font-stretch: inherit; font-size: 15px; line-height: inherit; font-family: 'Segoe UI', 'Segoe UI Web (West European)', -apple-system, BlinkMacSystemFont, Roboto, 'Helvetica Neue', sans-serif; font-optical-sizing: inherit; font-size-adjust: inherit; font-kerning: inherit; font-feature-settings: inherit; font-variation-settings: inherit; font-language-override: inherit; color: #242424;\" data-olk-copy-source=\"MessageBody\">La m\u00e9moire culturelle<br \/><br \/><\/div><p><span style=\"color: #242424; font-family: 'Segoe UI', 'Segoe UI Web (West European)', -apple-system, BlinkMacSystemFont, Roboto, 'Helvetica Neue', sans-serif; font-size: 15px; font-style: normal; font-weight: 400;\">Dot\u00e9 d\u2019une culture tr\u00e8s pointue lorsqu\u2019un sujet le passionne, Arthur apporte une richesse singuli\u00e8re \u00e0 l\u2019\u00e9quipe. Amateur de cin\u00e9ma, notamment de Bourvil et Louis de Fun\u00e8s, il offre un regard original et pr\u00e9cis, nourri par une v\u00e9ritable curiosit\u00e9 intellectuelle.\u00a0\u00a0<\/span><\/p>\t\t\t\t\t\t<\/div>\n\t\t\t\t<\/div>\n\t\t\t\t\t<\/div>\n\t\t<\/div>\n\t\t\t\t<div class=\"elementor-column elementor-col-25 elementor-top-column elementor-element elementor-element-2e444b7\" data-id=\"2e444b7\" data-element_type=\"column\">\n\t\t\t<div class=\"elementor-widget-wrap elementor-element-populated\">\n\t\t\t\t\t\t<div class=\"elementor-element elementor-element-52a4306 elementor-widget elementor-widget-image\" data-id=\"52a4306\" data-element_type=\"widget\" data-widget_type=\"image.default\">\n\t\t\t\t<div class=\"elementor-widget-container\">\n\t\t\t\t\t\t\t\t\t\t\t\t\t<img loading=\"lazy\" decoding=\"async\" width=\"768\" height=\"1024\" src=\"https:\/\/lfipalma.es\/wp-content\/uploads\/2026\/01\/Victor-768x1024.jpg\" class=\"attachment-large size-large wp-image-21816\" alt=\"\" srcset=\"https:\/\/lfipalma.es\/wp-content\/uploads\/2026\/01\/Victor-768x1024.jpg 768w, https:\/\/lfipalma.es\/wp-content\/uploads\/2026\/01\/Victor-225x300.jpg 225w, https:\/\/lfipalma.es\/wp-content\/uploads\/2026\/01\/Victor.jpg 900w\" sizes=\"(max-width: 768px) 100vw, 768px\" \/>\t\t\t\t\t\t\t\t\t\t\t\t\t<\/div>\n\t\t\t\t<\/div>\n\t\t\t\t<div class=\"elementor-element elementor-element-bcd8483 elementor-widget elementor-widget-text-editor\" data-id=\"bcd8483\" data-element_type=\"widget\" data-widget_type=\"text-editor.default\">\n\t\t\t\t<div class=\"elementor-widget-container\">\n\t\t\t\t\t\t\t<p><strong style=\"color: #242424; font-family: 'Segoe UI', 'Segoe UI Web (West European)', -apple-system, BlinkMacSystemFont, Roboto, 'Helvetica Neue', sans-serif; font-size: 15px; font-style: normal;\" data-olk-copy-source=\"MessageBody\">Victor Hardy Fran\u00e7ois Saint Maur, el pilar zen<\/strong><br style=\"color: #242424; font-family: 'Segoe UI', 'Segoe UI Web (West European)', -apple-system, BlinkMacSystemFont, Roboto, 'Helvetica Neue', sans-serif; font-size: 15px;\" \/><span style=\"color: #242424; font-family: 'Segoe UI', 'Segoe UI Web (West European)', -apple-system, BlinkMacSystemFont, Roboto, 'Helvetica Neue', sans-serif; font-size: 15px; font-style: normal; font-weight: 400;\">Victor es la fuerza tranquila del equipo. Siempre implicado, fiable y sereno, aporta adem\u00e1s un humor sutil que refuerza la cohesi\u00f3n del grupo y hace avanzar los proyectos en un ambiente distendido.<\/span><\/p><p><span style=\"color: #242424; font-family: 'Segoe UI', 'Segoe UI Web (West European)', -apple-system, BlinkMacSystemFont, Roboto, 'Helvetica Neue', sans-serif; font-size: 15px; font-style: normal; font-weight: 400;\">_______________________<\/span><\/p><div style=\"font-style: normal; font-variant-numeric: inherit; font-variant-east-asian: inherit; font-variant-alternates: inherit; font-variant-position: inherit; font-variant-emoji: inherit; font-weight: 400; font-stretch: inherit; font-size: 15px; line-height: inherit; font-family: 'Segoe UI', 'Segoe UI Web (West European)', -apple-system, BlinkMacSystemFont, Roboto, 'Helvetica Neue', sans-serif; font-optical-sizing: inherit; font-size-adjust: inherit; font-kerning: inherit; font-feature-settings: inherit; font-variation-settings: inherit; font-language-override: inherit; color: #242424;\" data-olk-copy-source=\"MessageBody\">Le pilier zen\u00a0<\/div><div style=\"font-style: normal; font-variant-numeric: inherit; font-variant-east-asian: inherit; font-variant-alternates: inherit; font-variant-position: inherit; font-variant-emoji: inherit; font-weight: 400; font-stretch: inherit; font-size: 15px; line-height: inherit; font-family: 'Segoe UI', 'Segoe UI Web (West European)', -apple-system, BlinkMacSystemFont, Roboto, 'Helvetica Neue', sans-serif; font-optical-sizing: inherit; font-size-adjust: inherit; font-kerning: inherit; font-feature-settings: inherit; font-variation-settings: inherit; font-language-override: inherit; color: #242424;\" data-olk-copy-source=\"MessageBody\">\u00a0<\/div><div style=\"font-style: normal; font-variant-numeric: inherit; font-variant-east-asian: inherit; font-variant-alternates: inherit; font-variant-position: inherit; font-variant-emoji: inherit; font-weight: 400; font-stretch: inherit; font-size: 15px; line-height: inherit; font-family: 'Segoe UI', 'Segoe UI Web (West European)', -apple-system, BlinkMacSystemFont, Roboto, 'Helvetica Neue', sans-serif; font-optical-sizing: inherit; font-size-adjust: inherit; font-kerning: inherit; font-feature-settings: inherit; font-variation-settings: inherit; font-language-override: inherit; color: #242424;\">Victor, c\u2019est la force tranquille de l\u2019\u00e9quipe. Toujours impliqu\u00e9, fiable et pos\u00e9, il apporte aussi un humour discret qui soude le groupe et fait avancer les projets dans une ambiance d\u00e9tendue.<\/div>\t\t\t\t\t\t<\/div>\n\t\t\t\t<\/div>\n\t\t\t\t\t<\/div>\n\t\t<\/div>\n\t\t\t\t<div class=\"elementor-column elementor-col-25 elementor-top-column elementor-element elementor-element-86d5caa\" data-id=\"86d5caa\" data-element_type=\"column\">\n\t\t\t<div class=\"elementor-widget-wrap elementor-element-populated\">\n\t\t\t\t\t\t<div class=\"elementor-element elementor-element-778358d elementor-widget elementor-widget-image\" data-id=\"778358d\" data-element_type=\"widget\" data-widget_type=\"image.default\">\n\t\t\t\t<div class=\"elementor-widget-container\">\n\t\t\t\t\t\t\t\t\t\t\t\t\t<img loading=\"lazy\" decoding=\"async\" width=\"768\" height=\"1024\" src=\"https:\/\/lfipalma.es\/wp-content\/uploads\/2026\/01\/Tomi-768x1024.jpg\" class=\"attachment-large size-large wp-image-21818\" alt=\"\" srcset=\"https:\/\/lfipalma.es\/wp-content\/uploads\/2026\/01\/Tomi-768x1024.jpg 768w, https:\/\/lfipalma.es\/wp-content\/uploads\/2026\/01\/Tomi-225x300.jpg 225w, https:\/\/lfipalma.es\/wp-content\/uploads\/2026\/01\/Tomi.jpg 900w\" sizes=\"(max-width: 768px) 100vw, 768px\" \/>\t\t\t\t\t\t\t\t\t\t\t\t\t<\/div>\n\t\t\t\t<\/div>\n\t\t\t\t<div class=\"elementor-element elementor-element-c052ab6 elementor-widget elementor-widget-text-editor\" data-id=\"c052ab6\" data-element_type=\"widget\" data-widget_type=\"text-editor.default\">\n\t\t\t\t<div class=\"elementor-widget-container\">\n\t\t\t\t\t\t\t<p><strong style=\"color: #242424; font-family: 'Segoe UI', 'Segoe UI Web (West European)', -apple-system, BlinkMacSystemFont, Roboto, 'Helvetica Neue', sans-serif; font-size: 15px; font-style: normal;\" data-olk-copy-source=\"MessageBody\">Tomi Modoux Murcia, el an\u00e1lisis bajo el radar<\/strong><br style=\"color: #242424; font-family: 'Segoe UI', 'Segoe UI Web (West European)', -apple-system, BlinkMacSystemFont, Roboto, 'Helvetica Neue', sans-serif; font-size: 15px;\" \/><span style=\"color: #242424; font-family: 'Segoe UI', 'Segoe UI Web (West European)', -apple-system, BlinkMacSystemFont, Roboto, 'Helvetica Neue', sans-serif; font-size: 15px; font-style: normal; font-weight: 400;\">Tras una gran calma aparente, Tomi esconde una notable capacidad de an\u00e1lisis. Muy implicado en la preparaci\u00f3n de los temas, trabaja con rigor y profundidad, aportando an\u00e1lisis s\u00f3lidos y bien construidos.<\/span><\/p><p><span style=\"color: #242424; font-family: 'Segoe UI', 'Segoe UI Web (West European)', -apple-system, BlinkMacSystemFont, Roboto, 'Helvetica Neue', sans-serif; font-size: 15px; font-style: normal; font-weight: 400;\">_______________________<\/span><\/p><div style=\"font-style: normal; font-variant-numeric: inherit; font-variant-east-asian: inherit; font-variant-alternates: inherit; font-variant-position: inherit; font-variant-emoji: inherit; font-weight: 400; font-stretch: inherit; font-size: 15px; line-height: inherit; font-family: 'Segoe UI', 'Segoe UI Web (West European)', -apple-system, BlinkMacSystemFont, Roboto, 'Helvetica Neue', sans-serif; font-optical-sizing: inherit; font-size-adjust: inherit; font-kerning: inherit; font-feature-settings: inherit; font-variation-settings: inherit; font-language-override: inherit; color: #242424;\">l&rsquo;analyse sous le radar<strong>\u00a0<\/strong><\/div><div style=\"font-style: normal; font-variant-numeric: inherit; font-variant-east-asian: inherit; font-variant-alternates: inherit; font-variant-position: inherit; font-variant-emoji: inherit; font-weight: 400; font-stretch: inherit; font-size: 15px; line-height: inherit; font-family: 'Segoe UI', 'Segoe UI Web (West European)', -apple-system, BlinkMacSystemFont, Roboto, 'Helvetica Neue', sans-serif; font-optical-sizing: inherit; font-size-adjust: inherit; font-kerning: inherit; font-feature-settings: inherit; font-variation-settings: inherit; font-language-override: inherit; color: #242424;\"><strong>\u00a0<\/strong><\/div><div style=\"font-style: normal; font-variant-numeric: inherit; font-variant-east-asian: inherit; font-variant-alternates: inherit; font-variant-position: inherit; font-variant-emoji: inherit; font-weight: 400; font-stretch: inherit; font-size: 15px; line-height: inherit; font-family: 'Segoe UI', 'Segoe UI Web (West European)', -apple-system, BlinkMacSystemFont, Roboto, 'Helvetica Neue', sans-serif; font-optical-sizing: inherit; font-size-adjust: inherit; font-kerning: inherit; font-feature-settings: inherit; font-variation-settings: inherit; font-language-override: inherit; color: #242424;\">Derri\u00e8re une grande tranquillit\u00e9 apparente, Tomi cache une redoutable pertinence. Tr\u00e8s investi dans la pr\u00e9paration des sujets, il travaille avec s\u00e9rieux et profondeur, apportant souvent des analyses bien construites.<\/div>\t\t\t\t\t\t<\/div>\n\t\t\t\t<\/div>\n\t\t\t\t\t<\/div>\n\t\t<\/div>\n\t\t\t\t\t<\/div>\n\t\t<\/section>\n\t\t\t\t<section class=\"elementor-section elementor-top-section elementor-element elementor-element-07a685f elementor-section-boxed elementor-section-height-default elementor-section-height-default\" data-id=\"07a685f\" data-element_type=\"section\">\n\t\t\t\t\t\t<div class=\"elementor-container elementor-column-gap-default\">\n\t\t\t\t\t<div class=\"elementor-column elementor-col-25 elementor-top-column elementor-element elementor-element-c83fae4\" data-id=\"c83fae4\" data-element_type=\"column\">\n\t\t\t<div class=\"elementor-widget-wrap elementor-element-populated\">\n\t\t\t\t\t\t<div class=\"elementor-element elementor-element-ee105d5 elementor-widget elementor-widget-image\" data-id=\"ee105d5\" data-element_type=\"widget\" data-widget_type=\"image.default\">\n\t\t\t\t<div class=\"elementor-widget-container\">\n\t\t\t\t\t\t\t\t\t\t\t\t\t<img loading=\"lazy\" decoding=\"async\" width=\"768\" height=\"1024\" src=\"https:\/\/lfipalma.es\/wp-content\/uploads\/2026\/01\/Cloe-1-768x1024.jpg\" class=\"attachment-large size-large wp-image-21904\" alt=\"\" srcset=\"https:\/\/lfipalma.es\/wp-content\/uploads\/2026\/01\/Cloe-1-768x1024.jpg 768w, https:\/\/lfipalma.es\/wp-content\/uploads\/2026\/01\/Cloe-1-225x300.jpg 225w, https:\/\/lfipalma.es\/wp-content\/uploads\/2026\/01\/Cloe-1.jpg 900w\" sizes=\"(max-width: 768px) 100vw, 768px\" \/>\t\t\t\t\t\t\t\t\t\t\t\t\t<\/div>\n\t\t\t\t<\/div>\n\t\t\t\t<div class=\"elementor-element elementor-element-1ddf765 elementor-widget elementor-widget-text-editor\" data-id=\"1ddf765\" data-element_type=\"widget\" data-widget_type=\"text-editor.default\">\n\t\t\t\t<div class=\"elementor-widget-container\">\n\t\t\t\t\t\t\t<p><strong style=\"color: #242424; font-family: 'Segoe UI', 'Segoe UI Web (West European)', -apple-system, BlinkMacSystemFont, Roboto, 'Helvetica Neue', sans-serif; font-size: 15px; font-style: normal;\" data-olk-copy-source=\"MessageBody\">Chlo\u00e9 Porsia, la energ\u00eda solar de la antena<\/strong><br style=\"color: #242424; font-family: 'Segoe UI', 'Segoe UI Web (West European)', -apple-system, BlinkMacSystemFont, Roboto, 'Helvetica Neue', sans-serif; font-size: 15px;\" \/><span style=\"color: #242424; font-family: 'Segoe UI', 'Segoe UI Web (West European)', -apple-system, BlinkMacSystemFont, Roboto, 'Helvetica Neue', sans-serif; font-size: 15px; font-style: normal; font-weight: 400;\">Chlo\u00e9 es la sonrisa y la energ\u00eda positiva del equipo. Siempre implicada, entusiasta y motivada, aporta una din\u00e1mica muy positiva a los proyectos de la webradio.<\/span><\/p><p><span style=\"color: #242424; font-family: 'Segoe UI', 'Segoe UI Web (West European)', -apple-system, BlinkMacSystemFont, Roboto, 'Helvetica Neue', sans-serif; font-size: 15px; font-style: normal; font-weight: 400;\">_______________________<\/span><\/p><p><span style=\"color: #242424; font-family: 'Segoe UI', 'Segoe UI Web (West European)', -apple-system, BlinkMacSystemFont, Roboto, 'Helvetica Neue', sans-serif; font-size: 15px; font-style: normal; font-weight: 400;\">l\u2019\u00e9nergie solaire de l\u2019antenne\u00a0<\/span><\/p><p><span style=\"color: #242424; font-family: 'Segoe UI', 'Segoe UI Web (West European)', -apple-system, BlinkMacSystemFont, Roboto, 'Helvetica Neue', sans-serif; font-size: 15px; font-style: normal; font-weight: 400;\">Cloe c\u2019est le sourire et l\u2019\u00e9nergie positive de l\u2019\u00e9quipe. Toujours investie, toujours contente, toujours motiv\u00e9e. Elle apporte une vraie dynamique aux projets de la webradio.\u00a0<\/span><\/p>\t\t\t\t\t\t<\/div>\n\t\t\t\t<\/div>\n\t\t\t\t\t<\/div>\n\t\t<\/div>\n\t\t\t\t<div class=\"elementor-column elementor-col-25 elementor-top-column elementor-element elementor-element-a9cb8d9\" data-id=\"a9cb8d9\" data-element_type=\"column\">\n\t\t\t<div class=\"elementor-widget-wrap elementor-element-populated\">\n\t\t\t\t\t\t<div class=\"elementor-element elementor-element-b0d78b0 elementor-widget elementor-widget-image\" data-id=\"b0d78b0\" data-element_type=\"widget\" data-widget_type=\"image.default\">\n\t\t\t\t<div class=\"elementor-widget-container\">\n\t\t\t\t\t\t\t\t\t\t\t\t\t<img loading=\"lazy\" decoding=\"async\" width=\"768\" height=\"1024\" src=\"https:\/\/lfipalma.es\/wp-content\/uploads\/2026\/01\/Luna-768x1024.jpg\" class=\"attachment-large size-large wp-image-21822\" alt=\"\" srcset=\"https:\/\/lfipalma.es\/wp-content\/uploads\/2026\/01\/Luna-768x1024.jpg 768w, https:\/\/lfipalma.es\/wp-content\/uploads\/2026\/01\/Luna-225x300.jpg 225w, https:\/\/lfipalma.es\/wp-content\/uploads\/2026\/01\/Luna.jpg 900w\" sizes=\"(max-width: 768px) 100vw, 768px\" \/>\t\t\t\t\t\t\t\t\t\t\t\t\t<\/div>\n\t\t\t\t<\/div>\n\t\t\t\t<div class=\"elementor-element elementor-element-8848ba5 elementor-widget elementor-widget-text-editor\" data-id=\"8848ba5\" data-element_type=\"widget\" data-widget_type=\"text-editor.default\">\n\t\t\t\t<div class=\"elementor-widget-container\">\n\t\t\t\t\t\t\t<p><strong style=\"color: #242424; font-family: 'Segoe UI', 'Segoe UI Web (West European)', -apple-system, BlinkMacSystemFont, Roboto, 'Helvetica Neue', sans-serif; font-size: 15px; font-style: normal;\" data-olk-copy-source=\"MessageBody\">Luna Gaya \u0152uvremier, la voz que deja huella<\/strong><br style=\"color: #242424; font-family: 'Segoe UI', 'Segoe UI Web (West European)', -apple-system, BlinkMacSystemFont, Roboto, 'Helvetica Neue', sans-serif; font-size: 15px;\" \/><span style=\"color: #242424; font-family: 'Segoe UI', 'Segoe UI Web (West European)', -apple-system, BlinkMacSystemFont, Roboto, 'Helvetica Neue', sans-serif; font-size: 15px; font-style: normal; font-weight: 400;\">Apasionada por la especialidad HGGSP, Luna se interesa tanto por la historia como por la geopol\u00edtica. Muy implicada, siempre bien documentada y motivada, destaca tambi\u00e9n por una voz notable, perfectamente adaptada al formato radiof\u00f3nico. Un verdadero placer escucharla.<\/span><\/p><p><span style=\"color: #242424; font-family: 'Segoe UI', 'Segoe UI Web (West European)', -apple-system, BlinkMacSystemFont, Roboto, 'Helvetica Neue', sans-serif; font-size: 15px; font-style: normal; font-weight: 400;\">_______________________<\/span><\/p><p style=\"color: #242424; font-family: 'Segoe UI', 'Segoe UI Web (West European)', -apple-system, BlinkMacSystemFont, Roboto, 'Helvetica Neue', sans-serif; font-size: 15px; font-style: normal; font-weight: 400;\" data-olk-copy-source=\"MessageBody\">La voix qui marque<\/p><div style=\"font-style: normal; font-variant-numeric: inherit; font-variant-east-asian: inherit; font-variant-alternates: inherit; font-variant-position: inherit; font-variant-emoji: inherit; font-weight: 400; font-stretch: inherit; font-size: 15px; line-height: inherit; font-family: 'Segoe UI', 'Segoe UI Web (West European)', -apple-system, BlinkMacSystemFont, Roboto, 'Helvetica Neue', sans-serif; font-optical-sizing: inherit; font-size-adjust: inherit; font-kerning: inherit; font-feature-settings: inherit; font-variation-settings: inherit; font-language-override: inherit; color: #242424;\">Passionn\u00e9e par la sp\u00e9cialit\u00e9 HGGSP, Luna s\u2019int\u00e9resse autant \u00e0 l\u2019histoire qu\u2019\u00e0 la g\u00e9opolitique. Tr\u00e8s investie, toujours bien document\u00e9e et motiv\u00e9e, elle se distingue \u00e9galement par une voix remarquable, parfaitement adapt\u00e9e au format radiophonique.\u00a0 Un vrai plaisir \u00e0 \u00e9couter.\u00a0<\/div>\t\t\t\t\t\t<\/div>\n\t\t\t\t<\/div>\n\t\t\t\t\t<\/div>\n\t\t<\/div>\n\t\t\t\t<div class=\"elementor-column elementor-col-25 elementor-top-column elementor-element elementor-element-ace7bf1\" data-id=\"ace7bf1\" data-element_type=\"column\">\n\t\t\t<div class=\"elementor-widget-wrap elementor-element-populated\">\n\t\t\t\t\t\t<div class=\"elementor-element elementor-element-92fd3e1 elementor-widget elementor-widget-image\" data-id=\"92fd3e1\" data-element_type=\"widget\" data-widget_type=\"image.default\">\n\t\t\t\t<div class=\"elementor-widget-container\">\n\t\t\t\t\t\t\t\t\t\t\t\t\t<img loading=\"lazy\" decoding=\"async\" width=\"768\" height=\"1024\" src=\"https:\/\/lfipalma.es\/wp-content\/uploads\/2026\/01\/gaby-768x1024.jpg\" class=\"attachment-large size-large wp-image-21899\" alt=\"\" srcset=\"https:\/\/lfipalma.es\/wp-content\/uploads\/2026\/01\/gaby-768x1024.jpg 768w, https:\/\/lfipalma.es\/wp-content\/uploads\/2026\/01\/gaby-225x300.jpg 225w, https:\/\/lfipalma.es\/wp-content\/uploads\/2026\/01\/gaby.jpg 900w\" sizes=\"(max-width: 768px) 100vw, 768px\" \/>\t\t\t\t\t\t\t\t\t\t\t\t\t<\/div>\n\t\t\t\t<\/div>\n\t\t\t\t<div class=\"elementor-element elementor-element-f2c2f55 elementor-widget elementor-widget-text-editor\" data-id=\"f2c2f55\" data-element_type=\"widget\" data-widget_type=\"text-editor.default\">\n\t\t\t\t<div class=\"elementor-widget-container\">\n\t\t\t\t\t\t\t<p style=\"color: #242424; font-family: 'Segoe UI', 'Segoe UI Web (West European)', -apple-system, BlinkMacSystemFont, Roboto, 'Helvetica Neue', sans-serif; font-size: 15px; font-style: normal; font-weight: 400;\"><b data-olk-copy-source=\"MessageBody\">Gabrielle Sturdza, la sonrisa que marca<\/b><\/p><p style=\"color: #242424; font-family: 'Segoe UI', 'Segoe UI Web (West European)', -apple-system, BlinkMacSystemFont, Roboto, 'Helvetica Neue', sans-serif; font-size: 15px; font-style: normal; font-weight: 400;\">Siempre sonriente, Gabrielle transmite una alegr\u00eda aut\u00e9ntica sin perder la seriedad. Apasionada por la historia, perfeccionista declarada, va al fondo de las cosas con calma y determinaci\u00f3n. Dulce por fuera, firme por dentro.<\/p><p style=\"color: #242424; font-family: 'Segoe UI', 'Segoe UI Web (West European)', -apple-system, BlinkMacSystemFont, Roboto, 'Helvetica Neue', sans-serif; font-size: 15px; font-style: normal; font-weight: 400;\"><span style=\"font-family: 'Segoe UI', 'Segoe UI Web (West European)', -apple-system, BlinkMacSystemFont, Roboto, 'Helvetica Neue', sans-serif; font-size: 15px; font-style: normal; font-weight: 400;\">_______________________<\/span><\/p><p style=\"color: #242424; font-family: 'Segoe UI', 'Segoe UI Web (West European)', -apple-system, BlinkMacSystemFont, Roboto, 'Helvetica Neue', sans-serif; font-size: 15px; font-style: normal; font-weight: 400;\"><!--StartFragment--><span data-olk-copy-source=\"MessageBody\">Toujours souriante, Gabrielle d\u00e9gage une vraie joie de vivre sans jamais perdre son s\u00e9rieux. Passionn\u00e9e d\u2019histoire, perfectionniste assum\u00e9e, elle va au fond des choses avec calme et d\u00e9termination. Douce en apparence, solide dans le fond.\u00a0<\/span><!--EndFragment--><\/p><p style=\"color: #242424; font-family: 'Segoe UI', 'Segoe UI Web (West European)', -apple-system, BlinkMacSystemFont, Roboto, 'Helvetica Neue', sans-serif; font-size: 15px; font-style: normal; font-weight: 400;\"><span style=\"font-family: 'Segoe UI', 'Segoe UI Web (West European)', -apple-system, BlinkMacSystemFont, Roboto, 'Helvetica Neue', sans-serif; font-size: 15px; font-style: normal; font-weight: 400;\">\u00a0<\/span><\/p>\t\t\t\t\t\t<\/div>\n\t\t\t\t<\/div>\n\t\t\t\t\t<\/div>\n\t\t<\/div>\n\t\t\t\t<div class=\"elementor-column elementor-col-25 elementor-top-column elementor-element elementor-element-8316e04\" data-id=\"8316e04\" data-element_type=\"column\">\n\t\t\t<div class=\"elementor-widget-wrap\">\n\t\t\t\t\t\t\t<\/div>\n\t\t<\/div>\n\t\t\t\t\t<\/div>\n\t\t<\/section>\n\t\t\t\t<\/div>\n\t\t","protected":false},"excerpt":{"rendered":"<p>Elvira Dattola, la dinamita del debateDotada de un car\u00e1cter firme y una motivaci\u00f3n incansable, Elvira siente una verdadera pasi\u00f3n por la actualidad y el debate. Siempre dispuesta a participar, le gusta confrontar ideas y dinamizar los intercambios. Una voz comprometida y decidida al servicio de la reflexi\u00f3n colectiva. ______________________ La dynamite du d\u00e9bat\u00a0\u00a0Dot\u00e9e d\u2019un caract\u00e8re [&hellip;]<\/p>\n","protected":false},"author":1,"featured_media":0,"parent":0,"menu_order":0,"comment_status":"closed","ping_status":"closed","template":"","meta":{"_monsterinsights_skip_tracking":false,"_monsterinsights_sitenote_active":false,"_monsterinsights_sitenote_note":"","_monsterinsights_sitenote_category":0,"_uf_show_specific_survey":0,"_uf_disable_surveys":false,"footnotes":""},"aioseo_notices":[],"_links":{"self":[{"href":"https:\/\/lfipalma.es\/fr\/wp-json\/wp\/v2\/pages\/18301"}],"collection":[{"href":"https:\/\/lfipalma.es\/fr\/wp-json\/wp\/v2\/pages"}],"about":[{"href":"https:\/\/lfipalma.es\/fr\/wp-json\/wp\/v2\/types\/page"}],"author":[{"embeddable":true,"href":"https:\/\/lfipalma.es\/fr\/wp-json\/wp\/v2\/users\/1"}],"replies":[{"embeddable":true,"href":"https:\/\/lfipalma.es\/fr\/wp-json\/wp\/v2\/comments?post=18301"}],"version-history":[{"count":40,"href":"https:\/\/lfipalma.es\/fr\/wp-json\/wp\/v2\/pages\/18301\/revisions"}],"predecessor-version":[{"id":21908,"href":"https:\/\/lfipalma.es\/fr\/wp-json\/wp\/v2\/pages\/18301\/revisions\/21908"}],"wp:attachment":[{"href":"https:\/\/lfipalma.es\/fr\/wp-json\/wp\/v2\/media?parent=18301"}],"curies":[{"name":"wp","href":"https:\/\/api.w.org\/{rel}","templated":true}]}}